{"id":34,"date":"2019-02-15T06:25:59","date_gmt":"2019-02-15T06:25:59","guid":{"rendered":"http:\/\/freibad-bsa.de\/?page_id=34"},"modified":"2026-04-05T21:39:13","modified_gmt":"2026-04-05T19:39:13","slug":"aktuelles","status":"publish","type":"page","link":"https:\/\/www.freibad-bsa.de\/?page_id=34","title":{"rendered":"Aktuelles"},"content":{"rendered":"<p>Sehr verehrte Badeg\u00e4ste,<\/p>\r\n<p>die Freibadsaison 2026 steht vor der T\u00fcr!<\/p>\r\n<p>&nbsp;<\/p>\r\n<p>Hier schon einmal die Termine f\u00fcr den Saisonkarten Vorverkauf:<\/p>\r\n<p><strong>Vorverkauf nur im Freibad!<\/strong><\/p>\r\n<p>Dienstag, 21.04.\u00a0 von 07 bis 13 Uhr<\/p>\r\n<p>Donnerstag, 23.04. von 15 bis 18 Uhr<\/p>\r\n<p>Samstag, 25.04. von 08 bis 12 Uhr<\/p>\r\n<p>&nbsp;<\/p>\r\n<h3><span style=\"color: #ff0000;\"><strong>Achtung !! <\/strong><\/span><\/h3>\r\n<h3><span style=\"color: #ff0000;\"><strong>Ab diesem Jahr geht auch Kartenzahlung beim Vorverkauf !!\u00a0<\/strong><\/span><\/h3>\r\n<p>&nbsp;<\/p>\r\n<p>&nbsp;<\/p>\r\n<p><strong>W\u00e4hrend der Saison:<\/strong><\/p>\r\n<p>DLRG Rettungsschwimmausbildung: \u00a0 freitags, 18:00 Uhr nach Vereinbarung. <br \/>Andere Termine sind nach Absprache m\u00f6glich.<\/p>\r\n<div>\r\n<div class=\"\" dir=\"auto\">\r\n<div id=\"jsc_c_6k\" class=\"ecm0bbzt hv4rvrfc ihqw7lf3 dati1w0a\" data-ad-comet-preview=\"message\" data-ad-preview=\"message\">\r\n<div class=\"j83agx80 cbu4d94t ew0dbk1b irj2b8pg\">\r\n<p>Interessierte melden sich bitte beim Schwimmmeister.<\/p>\r\n<p>&nbsp;<\/p>\r\n<p><img loading=\"lazy\" decoding=\"async\" class=\"alignnone size-large wp-image-3209\" src=\"https:\/\/www.freibad-bsa.de\/wp-content\/uploads\/2026\/04\/658906839_1421800346636468_2565783034364467905_n-1024x861.jpg\" alt=\"\" width=\"840\" height=\"706\" srcset=\"https:\/\/www.freibad-bsa.de\/wp-content\/uploads\/2026\/04\/658906839_1421800346636468_2565783034364467905_n-1024x861.jpg 1024w, https:\/\/www.freibad-bsa.de\/wp-content\/uploads\/2026\/04\/658906839_1421800346636468_2565783034364467905_n-300x252.jpg 300w, https:\/\/www.freibad-bsa.de\/wp-content\/uploads\/2026\/04\/658906839_1421800346636468_2565783034364467905_n-768x645.jpg 768w, https:\/\/www.freibad-bsa.de\/wp-content\/uploads\/2026\/04\/658906839_1421800346636468_2565783034364467905_n.jpg 1285w\" sizes=\"auto, (max-width: 840px) 100vw, 840px\" \/><\/p>\r\n<\/div>\r\n<\/div>\r\n<\/div>\r\n<\/div>\r\n<div class=\"wp-block-columns has-2-columns\">\r\n<div class=\"wp-block-column\">\r\n<p>Feierliche Verabschiedung <br \/><br \/>Am Dienstag, 31.03.2026 hatte unser langj\u00e4hriger Betriebsleiter des Freibades in Bad Sooden-Allendorf, Herr Hans-J\u00f6rg M\u00fcller, seinen letzten Arbeitstag. \u00dcber 33 Jahre, davon 30 Jahre als Betriebsleiter, war das Freibad sein Arbeitsplatz, ja, in den Sommermonaten sein zweites zu Hause. <br \/><br \/>Ordnung, Sauberkeit und vor allem Sicherheit f\u00fcr Gro\u00df und Klein, Zuverl\u00e4ssigkeit und Verbindlichkeit waren \u201eHansel\u201c, wie er liebevoll genannt wird, immer besonders wichtig. Er hat die Anlage \u201egehegt und gepflegt\u201c, wie er selbst betont und war an der Entwicklung des Freibades ma\u00dfgeblich beteiligt. Von 2013 bis 2025 fungierte er zudem als zweiter Vorsitzender des F\u00f6rdervereins Freibad Bad Sooden-Allendorf e.V. <br \/><br \/>Besonders stolz ist Hans-J\u00f6rg M\u00fcller darauf, gut 800 Kindern das Schwimmen beigebracht zu haben. <br \/><br \/>Mitarbeiter, Weggef\u00e4hrten und selbstverst\u00e4ndlich der Vorstand der A\u00f6R, Herr Patrick Gerlach und Herr Jens L\u00fcdecke, dankten Herrn M\u00fcller f\u00fcr seine wertvolle Mitarbeit und w\u00fcnschen ihm alles Gute in seinem wohlverdienten Ruhestand\u2026 wobei, so ganz kann er es nicht lassen: in der kommenden Freibadsaison wird er selbstverst\u00e4ndlich noch ein wenig mithelfen und das Team um Thomas Werner im Freibad gelegentlich unterst\u00fctzen.<\/p>\r\n<\/div>\r\n<!-- \/wp:post-content --><\/div>\r\n<!-- \/wp:columns -->\r\n\r\n<!-- wp:paragraph --><!-- \/wp:paragraph -->","protected":false},"excerpt":{"rendered":"<p>Sehr verehrte Badeg\u00e4ste, die Freibadsaison 2026 steht vor der T\u00fcr! &nbsp; Hier schon einmal die Termine f\u00fcr den Saisonkarten Vorverkauf:[&#8230;]<\/p>\n","protected":false},"author":1,"featured_media":0,"parent":6,"menu_order":3,"comment_status":"closed","ping_status":"closed","template":"","meta":{"footnotes":""},"class_list":["post-34","page","type-page","status-publish","hentry"],"_links":{"self":[{"href":"https:\/\/www.freibad-bsa.de\/index.php?rest_route=\/wp\/v2\/pages\/34","targetHints":{"allow":["GET"]}}],"collection":[{"href":"https:\/\/www.freibad-bsa.de\/index.php?rest_route=\/wp\/v2\/pages"}],"about":[{"href":"https:\/\/www.freibad-bsa.de\/index.php?rest_route=\/wp\/v2\/types\/page"}],"author":[{"embeddable":true,"href":"https:\/\/www.freibad-bsa.de\/index.php?rest_route=\/wp\/v2\/users\/1"}],"replies":[{"embeddable":true,"href":"https:\/\/www.freibad-bsa.de\/index.php?rest_route=%2Fwp%2Fv2%2Fcomments&post=34"}],"version-history":[{"count":344,"href":"https:\/\/www.freibad-bsa.de\/index.php?rest_route=\/wp\/v2\/pages\/34\/revisions"}],"predecessor-version":[{"id":3210,"href":"https:\/\/www.freibad-bsa.de\/index.php?rest_route=\/wp\/v2\/pages\/34\/revisions\/3210"}],"up":[{"embeddable":true,"href":"https:\/\/www.freibad-bsa.de\/index.php?rest_route=\/wp\/v2\/pages\/6"}],"wp:attachment":[{"href":"https:\/\/www.freibad-bsa.de\/index.php?rest_route=%2Fwp%2Fv2%2Fmedia&parent=34"}],"curies":[{"name":"wp","href":"https:\/\/api.w.org\/{rel}","templated":true}]}}